{"id":6,"date":"2021-07-13T23:14:30","date_gmt":"2021-07-13T21:14:30","guid":{"rendered":"http:\/\/klangatelier.at\/?page_id=6"},"modified":"2026-08-26T13:11:39","modified_gmt":"2026-08-26T11:11:39","slug":"info","status":"publish","type":"page","link":"https:\/\/klangatelier.at\/fr\/","title":{"rendered":"Klavierunterricht"},"content":{"rendered":"\n<div class=\"wp-block-columns alignwide is-layout-flex wp-container-core-columns-is-layout-8f761849 wp-block-columns-is-layout-flex\">\n<div class=\"wp-block-column is-layout-flow wp-block-column-is-layout-flow\">\n<h2 class=\"wp-block-heading has-text-align-left\">Klavier<\/h2>\n\n\n\n<p class=\"wp-block-paragraph\" id=\"Klavierunterricht-wien\"><strong>Kinder<\/strong>. Der Unterricht erlaubt bereits Instrumentalunterricht f\u00fcr Kinder <strong>ab 4 Jahren<\/strong> und ist ein ma\u00dfgeblicher Bestandteil unserer Talentef\u00f6rderung. Unsere <strong>Musikp\u00e4dagogin <\/strong>setzt entwicklungspsychologische Ziele und Spa\u00df ins Zentrum des Unterrichts. Die Erfolge am Instrument sind bemerkenswert. <strong>Online-Klavierunterricht <\/strong>m\u00f6glich.<\/p>\n\n\n\n<p class=\"wp-block-paragraph\"><strong>Erwachsene.<\/strong> Erwachsene k\u00f6nnen sich austoben. Ihr sucht eure St\u00fccke selbst aus oder ihr werdet im Unterricht angeleitet neue Klaviermusik unterschiedlichster Epochen kennenzulernen. Auch Begleitklavier ist sehr beliebt in dem Fach. <\/p>\n<\/div>\n\n\n\n<div class=\"wp-block-column is-layout-flow wp-block-column-is-layout-flow\">\n<h2 class=\"wp-block-heading has-text-align-left\">Gesang<\/h2>\n\n\n\n<p class=\"wp-block-paragraph\" id=\"Gesangsunterricht-Wien\">Balsam f\u00fcr die <strong>Seele <\/strong>und ein Ort f\u00fcr aufgestaute Emotionen. Wir zeigen dir wie du dich neu definieren kannst und welche S\u00e4nger:in in dir steckt. Voller Einsatz<strong> <\/strong>mit <strong>K\u00f6rper <\/strong>und <strong>Stimme<\/strong>. Sing-and-Songwriting? Jederzeit. Bei Interesse streuen wir noch Klavierbegleitung oben drauf. Teile des Unterrichts sind auch das Erlangen einer klaren <strong>Sprechstimme<\/strong> und die Beantwortung der Frage wie wir klingen wollen.<\/p>\n\n\n\n<p class=\"wp-block-paragraph\">Singen ist <strong>Musik gewordene Sprache<\/strong>. What do you want to talk about? In diesem Fach kommen wir einer Konfrontation mit uns selbst nicht aus.<\/p>\n<\/div>\n<\/div>\n\n\n\n<div class=\"wp-block-group alignwide\"><div class=\"wp-block-group__inner-container is-layout-constrained wp-block-group-is-layout-constrained\">\n<div class=\"wp-block-group alignwide has-background\" style=\"background:linear-gradient(135deg,rgb(183,221,255) 0%,rgb(255,192,192) 100%)\"><div class=\"wp-block-group__inner-container is-layout-constrained wp-block-group-is-layout-constrained\">\n<h2 class=\"wp-block-heading has-text-align-center has-text-color has-link-color wp-elements-1\" style=\"color:#ffffff;font-size:59px\">1.-<strong>6. Bezirk in Wien<\/strong><\/h2>\n\n\n\n<h2 class=\"wp-block-heading has-text-align-center has-text-color has-link-color wp-elements-2\" style=\"color:#ffffff;font-size:56px\"><strong>St.P\u00f6lten Stadt<\/strong><\/h2>\n\n\n\n<p class=\"has-text-align-center has-text-color has-link-color has-large-font-size wp-elements-3 wp-block-paragraph\" style=\"color:#ffffff\">Der private Einzelunterricht in Klavier, Gesang und Kunst wird <strong>2x\/Monat \u00e0 60 Min.<\/strong> besucht.<br>Besonders geeignet f\u00fcr Berufst\u00e4tige.<\/p>\n\n\n\n<h2 class=\"wp-block-heading has-text-align-center has-accent-color has-text-color has-link-color wp-elements-4\">NEU! Hausbesuche in WIEN!<\/h2>\n<\/div><\/div>\n<\/div><\/div>\n\n\n\n<div class=\"wp-block-group\"><div class=\"wp-block-group__inner-container is-layout-constrained wp-block-group-is-layout-constrained\">\n<div class=\"wp-block-group alignwide has-accent-color has-text-color has-background has-link-color wp-elements-5\" style=\"background-color:#ffffff\"><div class=\"wp-block-group__inner-container is-layout-constrained wp-block-group-is-layout-constrained\">\n<h2 class=\"wp-block-heading has-text-align-center\">Geburtstag? Gutscheine!<\/h2>\n\n\n\n<p class=\"wp-block-paragraph\">Bestellt euch einen <a href=\"https:\/\/klangatelier.at\/shop\/gutschein\/gutschein-geburtstag\/\">MAGO KLANGATELIER-Gutschein<\/a> f\u00fcr eure Liebsten, Kinder, Verwandten und Besties. Verschenke 2x 60 Min.-Einheiten am Klavier und\/oder im Gesang. Schreib uns eine E-Mail oder ruf an. Ihr erhaltet einen wundersch\u00f6nen Gutschein bequem als PDF zum selber ausdrucken &#8211; f\u00fcr alle, die schnelle L\u00f6sungen brauchen.<\/p>\n\n\n\n<h2 class=\"wp-block-heading has-text-align-center has-large-font-size\">150\u20ac\/Gutschein<\/h2>\n<\/div><\/div>\n<\/div><\/div>\n\n\n\n<h1 class=\"wp-block-heading has-text-align-center alignwide\">Online-Ausbildung: Private Klavierlehrer*in<\/h1>\n\n\n\n<blockquote class=\"wp-block-quote is-layout-flow wp-block-quote-is-layout-flow\">\n<p class=\"wp-block-paragraph\"><strong>Slogan:<\/strong> <em>\u00ab\u00a0Von der Pianist:in zur P\u00e4dagog:in: Er\u00f6ffne deine eigene Klavierschule in 12 Monaten \u2013 praxisnah, ohne Uni-B\u00fcrokratie.\u00a0\u00bb<\/em><\/p>\n<\/blockquote>\n\n\n\n<h3 class=\"wp-block-heading\">Vergleich: Unsere Ausbildung vs. Universit\u00e4ten<\/h3>\n\n\n\n<figure class=\"wp-block-table\"><table class=\"has-fixed-layout\"><thead><tr><td><strong>Merkmal<\/strong><\/td><td><strong>Universit\u00e4re Programme<\/strong><\/td><td><strong>Unser Programm<\/strong><\/td><\/tr><\/thead><tbody><tr><td><strong>Dauer<\/strong><\/td><td>4\u20136 Jahre<\/td><td><strong>12 Monate<\/strong>: 2 Semester<\/td><\/tr><tr><td><strong>Fokus<\/strong><\/td><td>z.B. Theorie, Musikgeschichte, Klassik<\/td><td><strong>Praxis, Didaktik, Business-Aufbau<\/strong><\/td><\/tr><tr><td><strong>Zielgruppe<\/strong><\/td><td>z.B. Konzertpianist:innen<\/td><td><strong>Quereinsteiger, Fortgeschrittene, Privatlehrer<\/strong><\/td><\/tr><\/tbody><\/table><\/figure>\n\n\n\n<blockquote class=\"wp-block-quote is-layout-flow wp-block-quote-is-layout-flow\">\n<p class=\"wp-block-paragraph\">\u00ab\u00a0<em>Die Zukunft ist selbstst\u00e4ndig. Aufstehen wann man m\u00f6chte und respektvoller Kontakt im Arbeitsalltag sind die H\u00f6hepunkte der selbst\u00e4ndigen T\u00e4tigkeit f\u00fcr mich. Selbst zu entscheiden wie viel Geld ich mache und wie viel Lebenszeit ich daf\u00fcr invenstiere waren f\u00fcr mich eindeutige Wegweiser in die Selbst\u00e4ndigkeit. Es war eine Entscheidung f\u00fcr mehr Lebensqualit\u00e4t.<\/em>\u00ab\u00a0<\/p>\n<\/blockquote>\n\n\n\n<p class=\"wp-block-paragraph\">Bei <strong>Interesse<\/strong> ruft uns \u00fcber <strong>WhatsApp<\/strong> an oder schreibt uns einfach. Wir geben euch die Highlights der Journey hin zu einem besseren Lebensalltag. <strong>Berufsbegleitend<\/strong> m\u00f6glich. Abschluss: Privat-Zertifikat. Aufnahmebedingung: Vorspielen per Video-Call.<\/p>\n\n\n\n<p class=\"has-text-align-center has-larger-font-size wp-block-paragraph\">Kosten\/Monat: 380\u20ac<\/p>\n\n\n\n<figure class=\"wp-block-image alignwide size-large is-style-rounded\"><img loading=\"lazy\" decoding=\"async\" width=\"1024\" height=\"512\" src=\"https:\/\/klangatelier.at\/wp-content\/uploads\/2020\/11\/BETONT-DAS-LEBEN_HEADER_VSSOMA-1024x512.jpeg\" alt=\"\" class=\"wp-image-53\" srcset=\"https:\/\/klangatelier.at\/wp-content\/uploads\/2020\/11\/BETONT-DAS-LEBEN_HEADER_VSSOMA-1024x512.jpeg 1024w, https:\/\/klangatelier.at\/wp-content\/uploads\/2020\/11\/BETONT-DAS-LEBEN_HEADER_VSSOMA-600x300.jpeg 600w, https:\/\/klangatelier.at\/wp-content\/uploads\/2020\/11\/BETONT-DAS-LEBEN_HEADER_VSSOMA-300x150.jpeg 300w, https:\/\/klangatelier.at\/wp-content\/uploads\/2020\/11\/BETONT-DAS-LEBEN_HEADER_VSSOMA-768x384.jpeg 768w, https:\/\/klangatelier.at\/wp-content\/uploads\/2020\/11\/BETONT-DAS-LEBEN_HEADER_VSSOMA-1536x768.jpeg 1536w, https:\/\/klangatelier.at\/wp-content\/uploads\/2020\/11\/BETONT-DAS-LEBEN_HEADER_VSSOMA-1200x600.jpeg 1200w, https:\/\/klangatelier.at\/wp-content\/uploads\/2020\/11\/BETONT-DAS-LEBEN_HEADER_VSSOMA.jpeg 1599w\" sizes=\"auto, (max-width: 1024px) 100vw, 1024px\" \/><\/figure>\n\n\n\n<figure class=\"wp-block-embed alignwide is-type-video is-provider-youtube wp-block-embed-youtube wp-embed-aspect-16-9 wp-has-aspect-ratio\"><div class=\"wp-block-embed__wrapper\">\n<iframe loading=\"lazy\" title=\"MAGO KLANGATELIER - Klavierunterricht in Wien (1020)\" width=\"580\" height=\"326\" src=\"https:\/\/www.youtube.com\/embed\/-NOn-BNhUhU?feature=oembed\" frameborder=\"0\" allow=\"accelerometer; autoplay; clipboard-write; encrypted-media; gyroscope; picture-in-picture; web-share\" referrerpolicy=\"strict-origin-when-cross-origin\" allowfullscreen><\/iframe>\n<\/div><\/figure>\n\n\n\n<h3 class=\"wp-block-heading has-text-align-center alignfull @media screen and (max-width: 600px) { h2 font-size: 1.5rem; \/* kleinere Schriftgr\u00f6\u00dfe f\u00fcr Smartphones *\/ line-height: 1.2; padding: 0 10px; sorgt etwas Abstand links\/rechts word-break: break-word; falls n\u00f6tig, bricht W\u00f6rter um } has-text-color\" style=\"color:#b24040;font-size:54px\">Wir schaffen eine <br>wertvolle Zukunft. Gemeinsam.<\/h3>\n\n\n\n<figure class=\"wp-block-gallery alignwide has-nested-images columns-default is-cropped wp-block-gallery-1 is-layout-flex wp-block-gallery-is-layout-flex\">\n<figure class=\"wp-block-image size-large is-style-rounded\"><img loading=\"lazy\" decoding=\"async\" width=\"1024\" height=\"560\" data-id=\"3647\" src=\"https:\/\/klangatelier.at\/wp-content\/uploads\/2025\/01\/7027456E-2FC1-42D0-9001-5392643DCBFC-scaled-e1736364593606-1024x560.jpeg\" alt=\"\" class=\"wp-image-3647\" srcset=\"https:\/\/klangatelier.at\/wp-content\/uploads\/2025\/01\/7027456E-2FC1-42D0-9001-5392643DCBFC-scaled-e1736364593606-1024x560.jpeg 1024w, https:\/\/klangatelier.at\/wp-content\/uploads\/2025\/01\/7027456E-2FC1-42D0-9001-5392643DCBFC-scaled-e1736364593606-300x164.jpeg 300w, https:\/\/klangatelier.at\/wp-content\/uploads\/2025\/01\/7027456E-2FC1-42D0-9001-5392643DCBFC-scaled-e1736364593606-768x420.jpeg 768w, https:\/\/klangatelier.at\/wp-content\/uploads\/2025\/01\/7027456E-2FC1-42D0-9001-5392643DCBFC-scaled-e1736364593606-1536x840.jpeg 1536w, https:\/\/klangatelier.at\/wp-content\/uploads\/2025\/01\/7027456E-2FC1-42D0-9001-5392643DCBFC-scaled-e1736364593606-2048x1120.jpeg 2048w, https:\/\/klangatelier.at\/wp-content\/uploads\/2025\/01\/7027456E-2FC1-42D0-9001-5392643DCBFC-scaled-e1736364593606-1200x656.jpeg 1200w, https:\/\/klangatelier.at\/wp-content\/uploads\/2025\/01\/7027456E-2FC1-42D0-9001-5392643DCBFC-scaled-e1736364593606-1980x1083.jpeg 1980w\" sizes=\"auto, (max-width: 1024px) 100vw, 1024px\" \/><figcaption class=\"wp-element-caption\">R\u00fcckblick auf unseren ehemaligen Stadtort in St.P\u00f6lten &#8211; Weihnachtsfeier<\/figcaption><\/figure>\n\n\n\n<figure class=\"wp-block-image size-large is-style-rounded\"><img loading=\"lazy\" decoding=\"async\" width=\"1024\" height=\"768\" data-id=\"3648\" src=\"https:\/\/klangatelier.at\/wp-content\/uploads\/2025\/01\/CE2FF908-E24A-4235-AAF8-A6FFE41ACA85-1024x768.jpeg\" alt=\"\" class=\"wp-image-3648\" srcset=\"https:\/\/klangatelier.at\/wp-content\/uploads\/2025\/01\/CE2FF908-E24A-4235-AAF8-A6FFE41ACA85-1024x768.jpeg 1024w, https:\/\/klangatelier.at\/wp-content\/uploads\/2025\/01\/CE2FF908-E24A-4235-AAF8-A6FFE41ACA85-300x225.jpeg 300w, https:\/\/klangatelier.at\/wp-content\/uploads\/2025\/01\/CE2FF908-E24A-4235-AAF8-A6FFE41ACA85-768x576.jpeg 768w, https:\/\/klangatelier.at\/wp-content\/uploads\/2025\/01\/CE2FF908-E24A-4235-AAF8-A6FFE41ACA85-1536x1152.jpeg 1536w, https:\/\/klangatelier.at\/wp-content\/uploads\/2025\/01\/CE2FF908-E24A-4235-AAF8-A6FFE41ACA85-2048x1536.jpeg 2048w, https:\/\/klangatelier.at\/wp-content\/uploads\/2025\/01\/CE2FF908-E24A-4235-AAF8-A6FFE41ACA85-1200x900.jpeg 1200w, https:\/\/klangatelier.at\/wp-content\/uploads\/2025\/01\/CE2FF908-E24A-4235-AAF8-A6FFE41ACA85-1980x1485.jpeg 1980w\" sizes=\"auto, (max-width: 1024px) 100vw, 1024px\" \/><\/figure>\n<\/figure>\n\n\n\n<div class=\"wp-block-media-text alignwide is-stacked-on-mobile is-image-fill-element is-style-rounded\" style=\"grid-template-columns:19% auto\"><figure class=\"wp-block-media-text__media\"><img loading=\"lazy\" decoding=\"async\" width=\"768\" height=\"1024\" src=\"https:\/\/klangatelier.at\/wp-content\/uploads\/2025\/01\/1f21440a-c76d-4f11-ae14-dfb4d73bc6fe-768x1024.jpeg\" alt=\"Workshop Musik Kinder Nieder\u00f6sterreich\" class=\"wp-image-3597 size-large\" style=\"object-position:48% 50%\" srcset=\"https:\/\/klangatelier.at\/wp-content\/uploads\/2025\/01\/1f21440a-c76d-4f11-ae14-dfb4d73bc6fe-768x1024.jpeg 768w, https:\/\/klangatelier.at\/wp-content\/uploads\/2025\/01\/1f21440a-c76d-4f11-ae14-dfb4d73bc6fe-225x300.jpeg 225w, https:\/\/klangatelier.at\/wp-content\/uploads\/2025\/01\/1f21440a-c76d-4f11-ae14-dfb4d73bc6fe-1152x1536.jpeg 1152w, https:\/\/klangatelier.at\/wp-content\/uploads\/2025\/01\/1f21440a-c76d-4f11-ae14-dfb4d73bc6fe.jpeg 1200w\" sizes=\"auto, (max-width: 768px) 100vw, 768px\" \/><\/figure><div class=\"wp-block-media-text__content\">\n<p class=\"wp-block-paragraph\"><strong>Als ich ein Kind war, war ich so gelangweilt von meinem Klavierunterricht. Eigentlich wollte ich Soundtracks f\u00fcr Animationsfilme machen wie Disney, Pixar und vor allem Ghibli aus Japan. Ich wollte auch die Animationsfilme machen. Ich wollte alles machen.<\/strong><br><br><strong>Das MAGO KLANGATELIER ist mein Geschenk an mein inneres Kind. Und alle Menschen, die fantastische Ideen haben.<\/strong><\/p>\n\n\n\n<p class=\"wp-block-paragraph\">Leitung, MAGO KLANGATELIER<\/p>\n<\/div><\/div>\n\n\n\n<div class=\"wp-block-group alignfull\"><div class=\"wp-block-group__inner-container is-layout-constrained wp-block-group-is-layout-constrained\">\n<h2 class=\"wp-block-heading has-text-align-center alignwide @media screen and (max-width: 600px) { h2 font-size: 1.5rem; \/* kleinere Schriftgr\u00f6\u00dfe f\u00fcr Smartphones *\/ line-height: 1.2; padding: 0 10px; sorgt etwas Abstand links\/rechts word-break: break-word; falls n\u00f6tig, bricht W\u00f6rter um } has-text-color has-background has-link-color has-larger-font-size wp-elements-6\" id=\"Anmeldung\" style=\"color:#ffffff;background-color:#b24040\">VIRTUELLER ANMELDE-BEREICH<\/h2>\n\n\n\n<div class=\"wp-block-group alignfull has-background-color has-text-color has-background has-link-color wp-elements-7 is-content-justification-center is-nowrap is-layout-flex wp-container-core-group-is-layout-d05cb3ef wp-block-group-is-layout-flex\" style=\"background-color:#b24040\">\n<div class=\"wp-block-columns alignfull are-vertically-aligned-top is-layout-flex wp-container-core-columns-is-layout-8f761849 wp-block-columns-is-layout-flex\">\n<div class=\"wp-block-column is-vertically-aligned-top is-layout-flow wp-block-column-is-layout-flow\">\n<h2 class=\"wp-block-heading has-text-align-center has-text-color\" style=\"color:#ffffff\">Sch\u00fcler:in werden<\/h2>\n\n\n\n<p class=\"has-text-align-center has-text-color wp-block-paragraph\" style=\"color:#ffffff\">F\u00fcr Klavier, Gesang oder eine Hybridform.<br>Einstieg jederzeit m\u00f6glich.<br>Privater Einzelunterricht.<\/p>\n\n\n\n<div class=\"wp-block-buttons is-content-justification-center is-layout-flex wp-container-core-buttons-is-layout-fe48e5de wp-block-buttons-is-layout-flex\">\n<div class=\"wp-block-button is-style-outline is-style-outline--2\"><a class=\"wp-block-button__link has-text-color has-background has-link-color wp-element-button\" href=\"https:\/\/klangatelier.at\/anmeldeformular_einzelunterricht\/\" style=\"color:#c71a1a;background-color:#ffffff\" target=\"_blank\" rel=\"noreferrer noopener\">ANMELDUNG<\/a><\/div>\n<\/div>\n\n\n\n<p class=\"wp-block-paragraph\"><\/p>\n\n\n\n<p class=\"has-text-align-center has-small-font-size wp-block-paragraph\"><strong><a href=\"https:\/\/klangatelier.at\/wp-content\/uploads\/2025\/09\/MAGO_KLANGATELIER_Anmeldeformular_2025_26.pdf\" data-type=\"link\" data-id=\"https:\/\/klangatelier.at\/wp-content\/uploads\/2025\/09\/MAGO_KLANGATELIER_Anmeldeformular_2025_26.pdf\">Formular als PDF<\/a> (per E-Mail an uns)<\/strong><\/p>\n<\/div>\n<\/div>\n<\/div>\n<\/div><\/div>\n\n\n\n<div class=\"wp-block-columns alignfull is-layout-flex wp-container-core-columns-is-layout-8f761849 wp-block-columns-is-layout-flex\">\n<div class=\"wp-block-column is-layout-flow wp-block-column-is-layout-flow\" style=\"flex-basis:100%\">\n<div class=\"wp-block-columns alignfull are-vertically-aligned-center is-layout-flex wp-container-core-columns-is-layout-8f761849 wp-block-columns-is-layout-flex\">\n<div class=\"wp-block-column is-vertically-aligned-center is-layout-flow wp-block-column-is-layout-flow\">\n<h2 class=\"wp-block-heading has-subtle-background-background-color has-background has-normal-font-size\"><strong>Bindung<\/strong><\/h2>\n\n\n\n<p class=\"has-background wp-block-paragraph\" style=\"background-color:#ffffff\"><strong>bis Ende<\/strong><br>Juni des laufenden Lehrjahres<\/p>\n<\/div>\n\n\n\n<div class=\"wp-block-column is-vertically-aligned-center is-layout-flow wp-block-column-is-layout-flow\">\n<div class=\"wp-block-group\"><div class=\"wp-block-group__inner-container is-layout-constrained wp-block-group-is-layout-constrained\">\n<div class=\"wp-block-group\"><div class=\"wp-block-group__inner-container is-layout-constrained wp-block-group-is-layout-constrained\">\n<h2 class=\"wp-block-heading has-subtle-background-background-color has-background has-normal-font-size\"><strong>Fristen<\/strong><\/h2>\n\n\n\n<p class=\"has-background wp-block-paragraph\" style=\"background-color:#ffffff\"><strong>Unterricht<\/strong><br>Einstieg jederzeit<\/p>\n<\/div><\/div>\n<\/div><\/div>\n<\/div>\n\n\n\n<div class=\"wp-block-column is-layout-flow wp-block-column-is-layout-flow\">\n<h2 class=\"wp-block-heading has-subtle-background-background-color has-background has-normal-font-size\"><strong>Kosten<\/strong><\/h2>\n\n\n\n<p class=\"has-background wp-block-paragraph\" style=\"background-color:#ffffff\"><strong>1 Monat<\/strong><br>150\u20ac<\/p>\n<\/div>\n<\/div>\n<\/div>\n<\/div>\n\n\n\n<div class=\"wp-block-group alignfull\" id=\"Kontakt\"><div class=\"wp-block-group__inner-container is-layout-constrained wp-block-group-is-layout-constrained\">\n<h2 class=\"wp-block-heading has-text-align-center\" style=\"font-size:86px\">Kontakt<\/h2>\n\n\n\n<h2 class=\"wp-block-heading has-text-align-center\">Fragen? Wir sind f\u00fcr euch da.<\/h2>\n\n\n\n<h2 class=\"wp-block-heading has-text-align-center has-large-font-size\"><a href=\"https:\/\/us1.list-manage.com\/contact-form?u=f5baf79ee3442b3aed80a393b&amp;form_id=d3fb3c70b131c0cebd5a286b3f27f932\" rel=\"nofollow noopener\" target=\"_blank\">Kontaktformular<\/a><\/h2>\n\n\n\n<div class=\"wp-block-columns is-layout-flex wp-container-core-columns-is-layout-8f761849 wp-block-columns-is-layout-flex\">\n<div class=\"wp-block-column is-vertically-aligned-center is-layout-flow wp-block-column-is-layout-flow\">\n<div class=\"wp-block-columns are-vertically-aligned-top is-layout-flex wp-container-core-columns-is-layout-8f761849 wp-block-columns-is-layout-flex\">\n<div class=\"wp-block-column is-vertically-aligned-top is-layout-flow wp-block-column-is-layout-flow\">\n<h3 class=\"wp-block-heading has-text-align-center\"><strong>B\u00fcrozeiten<\/strong><\/h3>\n\n\n\n<p class=\"has-text-align-center has-large-font-size wp-block-paragraph\">Mo-Do 10:00-16:00<\/p>\n<\/div>\n\n\n\n<div class=\"wp-block-column is-vertically-aligned-top is-layout-flow wp-block-column-is-layout-flow\">\n<h3 class=\"wp-block-heading has-text-align-center\"><strong>Telefon <\/strong><\/h3>\n\n\n\n<p class=\"has-text-align-center has-primary-color has-text-color has-large-font-size wp-block-paragraph\">Tel. 0699 \/ 1934 9992<\/p>\n<\/div>\n\n\n\n<div class=\"wp-block-column is-vertically-aligned-top is-layout-flow wp-block-column-is-layout-flow\">\n<h3 class=\"wp-block-heading has-text-align-center\"><strong>Adresse<\/strong><\/h3>\n\n\n\n<p class=\"has-text-align-center has-large-font-size wp-block-paragraph\">B\u00f6cklinstra\u00dfe 6\/8<br>1020 Wien<br>Schneckgasse 6\/7<br>3100 St.P\u00f6lten<\/p>\n<\/div>\n<\/div>\n<\/div>\n<\/div>\n<\/div><\/div>\n\n\n\n<h2 class=\"wp-block-heading has-text-align-center\">Klavierunterricht Wien<\/h2>\n\n\n\n<iframe src=\"https:\/\/www.google.com\/maps\/embed?pb=!1m18!1m12!1m3!1d2658.703526990255!2d16.3960203!3d48.2123262!2m3!1f0!2f0!3f0!3m2!1i1024!2i768!4f13.1!3m3!1m2!1s0x476da9cf7a518e81%3A0x488563a44a06504b!2sMAGO%20KLANGATELIER!5e0!3m2!1sde!2sat!4v1720805184683!5m2!1sde!2sat\" width=\"100%\" height=\"450\" style=\"border:0;\" allowfullscreen=\"\" loading=\"lazy\"><\/iframe>\n\n\n\n<h2 class=\"wp-block-heading has-text-align-center\">Klavierunterricht St.P\u00f6lten<\/h2>\n\n\n\n<iframe src=\"https:\/\/www.google.com\/maps\/embed?pb=!1m18!1m12!1m3!1d2659.226268474061!2d15.623301699999999!3d48.202257499999995!2m3!1f0!2f0!3f0!3m2!1i1024!2i768!4f13.1!3m3!1m2!1s0x477279580dbd5bff%3A0x91430c0c757b0660!2sMAGO%20KLANGATELIER!5e0!3m2!1sde!2sat!4v1762787787088!5m2!1sde!2sat\" width=\"100%\" height=\"450\" style=\"border:0;\" allowfullscreen=\"\" loading=\"lazy\" referrerpolicy=\"no-referrer-when-downgrade\"><\/iframe>\n\n\n\n<p class=\"has-text-align-center wp-block-paragraph\"><\/p>\n\n\n\n<figure class=\"wp-block-embed is-type-rich is-provider-tiktok wp-block-embed-tiktok\"><div class=\"wp-block-embed__wrapper\">\n<blockquote class=\"tiktok-embed\" cite=\"https:\/\/www.tiktok.com\/@mago_klangatelier\" data-unique-id=\"mago_klangatelier\" data-embed-from=\"oembed\" data-embed-type=\"creator\" style=\"max-width:780px; min-width:288px;\"> <section> <a target=\"_blank\" href=\"https:\/\/www.tiktok.com\/@mago_klangatelier?refer=creator_embed\" rel=\"nofollow noopener\">@mago_klangatelier<\/a> <\/section> <\/blockquote> <script async src=\"https:\/\/www.tiktok.com\/embed.js\"><\/script>\n<\/div><\/figure>\n\n\n\n<h2 class=\"wp-block-heading has-text-align-center has-accent-color has-text-color has-background has-link-color wp-elements-8\" style=\"background-color:#ffffff\">Kunststudium gesucht?<\/h2>\n\n\n\n<p class=\"has-text-align-center wp-block-paragraph\">Unser Kunststudium befindet sich jetzt <a href=\"https:\/\/impremite.com\" rel=\"nofollow noopener\" target=\"_blank\">hier<\/a>.<\/p>\n\n\n\n<figure class=\"wp-block-gallery alignwide has-nested-images columns-6 is-cropped wp-block-gallery-3 is-layout-flex wp-block-gallery-is-layout-flex\">\n<figure class=\"wp-block-image size-thumbnail\"><img loading=\"lazy\" decoding=\"async\" width=\"150\" height=\"150\" data-id=\"2888\" src=\"https:\/\/klangatelier.at\/wp-content\/uploads\/2023\/01\/Screenshot-2023-01-01-at-18-12-22-Marie-Therese-Goiser-@imago_art_austria-\u2022-Instagram-Fotos-und-Videos-150x150.png\" alt=\"\" class=\"wp-image-2888\" srcset=\"https:\/\/klangatelier.at\/wp-content\/uploads\/2023\/01\/Screenshot-2023-01-01-at-18-12-22-Marie-Therese-Goiser-@imago_art_austria-\u2022-Instagram-Fotos-und-Videos-150x150.png 150w, https:\/\/klangatelier.at\/wp-content\/uploads\/2023\/01\/Screenshot-2023-01-01-at-18-12-22-Marie-Therese-Goiser-@imago_art_austria-\u2022-Instagram-Fotos-und-Videos-450x450.png 450w, https:\/\/klangatelier.at\/wp-content\/uploads\/2023\/01\/Screenshot-2023-01-01-at-18-12-22-Marie-Therese-Goiser-@imago_art_austria-\u2022-Instagram-Fotos-und-Videos-100x100.png 100w\" sizes=\"auto, (max-width: 150px) 100vw, 150px\" \/><\/figure>\n\n\n\n<figure class=\"wp-block-image size-thumbnail\"><img loading=\"lazy\" decoding=\"async\" width=\"150\" height=\"150\" data-id=\"3008\" src=\"https:\/\/klangatelier.at\/wp-content\/uploads\/2023\/01\/MAGO_He-was-not-a-good-idea-150x150.jpg\" alt=\"\" class=\"wp-image-3008\" srcset=\"https:\/\/klangatelier.at\/wp-content\/uploads\/2023\/01\/MAGO_He-was-not-a-good-idea-150x150.jpg 150w, https:\/\/klangatelier.at\/wp-content\/uploads\/2023\/01\/MAGO_He-was-not-a-good-idea-450x450.jpg 450w, https:\/\/klangatelier.at\/wp-content\/uploads\/2023\/01\/MAGO_He-was-not-a-good-idea-100x100.jpg 100w\" sizes=\"auto, (max-width: 150px) 100vw, 150px\" \/><\/figure>\n\n\n\n<figure class=\"wp-block-image size-thumbnail\"><img loading=\"lazy\" decoding=\"async\" width=\"150\" height=\"150\" data-id=\"2626\" src=\"https:\/\/klangatelier.at\/wp-content\/uploads\/2022\/01\/signal-2021-12-16-190934_001-150x150.jpeg\" alt=\"\" class=\"wp-image-2626\" srcset=\"https:\/\/klangatelier.at\/wp-content\/uploads\/2022\/01\/signal-2021-12-16-190934_001-150x150.jpeg 150w, https:\/\/klangatelier.at\/wp-content\/uploads\/2022\/01\/signal-2021-12-16-190934_001-450x450.jpeg 450w, https:\/\/klangatelier.at\/wp-content\/uploads\/2022\/01\/signal-2021-12-16-190934_001-100x100.jpeg 100w\" sizes=\"auto, (max-width: 150px) 100vw, 150px\" \/><\/figure>\n\n\n\n<figure class=\"wp-block-image size-thumbnail\"><img loading=\"lazy\" decoding=\"async\" width=\"150\" height=\"150\" data-id=\"2741\" src=\"https:\/\/klangatelier.at\/wp-content\/uploads\/2022\/03\/BETONT-DAS-LEBEN_HEADER_VSSOMA-edited-150x150.jpeg\" alt=\"\" class=\"wp-image-2741\" srcset=\"https:\/\/klangatelier.at\/wp-content\/uploads\/2022\/03\/BETONT-DAS-LEBEN_HEADER_VSSOMA-edited-150x150.jpeg 150w, https:\/\/klangatelier.at\/wp-content\/uploads\/2022\/03\/BETONT-DAS-LEBEN_HEADER_VSSOMA-edited-450x450.jpeg 450w, https:\/\/klangatelier.at\/wp-content\/uploads\/2022\/03\/BETONT-DAS-LEBEN_HEADER_VSSOMA-edited-100x100.jpeg 100w\" sizes=\"auto, (max-width: 150px) 100vw, 150px\" \/><\/figure>\n\n\n\n<figure class=\"wp-block-image size-thumbnail\"><img loading=\"lazy\" decoding=\"async\" width=\"150\" height=\"150\" data-id=\"2295\" src=\"https:\/\/klangatelier.at\/wp-content\/uploads\/2021\/10\/IMG_2973-150x150.jpg\" alt=\"\" class=\"wp-image-2295\" srcset=\"https:\/\/klangatelier.at\/wp-content\/uploads\/2021\/10\/IMG_2973-150x150.jpg 150w, https:\/\/klangatelier.at\/wp-content\/uploads\/2021\/10\/IMG_2973-scaled-450x450.jpg 450w, https:\/\/klangatelier.at\/wp-content\/uploads\/2021\/10\/IMG_2973-scaled-100x100.jpg 100w\" sizes=\"auto, (max-width: 150px) 100vw, 150px\" \/><\/figure>\n\n\n\n<figure class=\"wp-block-image size-thumbnail\"><img loading=\"lazy\" decoding=\"async\" width=\"150\" height=\"150\" data-id=\"2606\" src=\"https:\/\/klangatelier.at\/wp-content\/uploads\/2022\/01\/WhatsApp-Image-2021-10-31-at-17.07.47-edited-150x150.jpeg\" alt=\"\" class=\"wp-image-2606\" srcset=\"https:\/\/klangatelier.at\/wp-content\/uploads\/2022\/01\/WhatsApp-Image-2021-10-31-at-17.07.47-edited-150x150.jpeg 150w, https:\/\/klangatelier.at\/wp-content\/uploads\/2022\/01\/WhatsApp-Image-2021-10-31-at-17.07.47-edited-450x450.jpeg 450w, https:\/\/klangatelier.at\/wp-content\/uploads\/2022\/01\/WhatsApp-Image-2021-10-31-at-17.07.47-edited-100x100.jpeg 100w, https:\/\/klangatelier.at\/wp-content\/uploads\/2022\/01\/WhatsApp-Image-2021-10-31-at-17.07.47-edited-600x600.jpeg 600w, https:\/\/klangatelier.at\/wp-content\/uploads\/2022\/01\/WhatsApp-Image-2021-10-31-at-17.07.47-edited-300x300.jpeg 300w, https:\/\/klangatelier.at\/wp-content\/uploads\/2022\/01\/WhatsApp-Image-2021-10-31-at-17.07.47-edited-768x768.jpeg 768w, https:\/\/klangatelier.at\/wp-content\/uploads\/2022\/01\/WhatsApp-Image-2021-10-31-at-17.07.47-edited.jpeg 899w\" sizes=\"auto, (max-width: 150px) 100vw, 150px\" \/><\/figure>\n<\/figure>\n","protected":false},"excerpt":{"rendered":"<p>Klavier Kinder. Der Unterricht erlaubt bereits Instrumentalunterricht f\u00fcr Kinder ab 4 Jahren und ist ein ma\u00dfgeblicher Bestandteil unserer Talentef\u00f6rderung. Unsere Musikp\u00e4dagogin setzt entwicklungspsychologische Ziele und Spa\u00df ins Zentrum des Unterrichts. Die Erfolge am Instrument sind bemerkenswert. Online-Klavierunterricht m\u00f6glich. Erwachsene. Erwachsene k\u00f6nnen sich austoben. Ihr sucht eure St\u00fccke selbst aus oder ihr werdet im Unterricht angeleitet [&hellip;]<\/p>\n","protected":false},"author":1,"featured_media":3153,"parent":0,"menu_order":0,"comment_status":"closed","ping_status":"closed","template":"templates\/template-full-width.php","meta":{"footnotes":""},"class_list":["post-6","page","type-page","status-publish","has-post-thumbnail","hentry"],"_links":{"self":[{"href":"https:\/\/klangatelier.at\/fr\/wp-json\/wp\/v2\/pages\/6","targetHints":{"allow":["GET"]}}],"collection":[{"href":"https:\/\/klangatelier.at\/fr\/wp-json\/wp\/v2\/pages"}],"about":[{"href":"https:\/\/klangatelier.at\/fr\/wp-json\/wp\/v2\/types\/page"}],"author":[{"embeddable":true,"href":"https:\/\/klangatelier.at\/fr\/wp-json\/wp\/v2\/users\/1"}],"replies":[{"embeddable":true,"href":"https:\/\/klangatelier.at\/fr\/wp-json\/wp\/v2\/comments?post=6"}],"version-history":[{"count":10,"href":"https:\/\/klangatelier.at\/fr\/wp-json\/wp\/v2\/pages\/6\/revisions"}],"predecessor-version":[{"id":4008,"href":"https:\/\/klangatelier.at\/fr\/wp-json\/wp\/v2\/pages\/6\/revisions\/4008"}],"wp:attachment":[{"href":"https:\/\/klangatelier.at\/fr\/wp-json\/wp\/v2\/media?parent=6"}],"curies":[{"name":"wp","href":"https:\/\/api.w.org\/{rel}","templated":true}]}}